{"id":152,"date":"2022-07-21T15:10:49","date_gmt":"2022-07-21T13:10:49","guid":{"rendered":"https:\/\/www.fcgueugnon.fr\/site\/?page_id=152"},"modified":"2025-08-27T21:49:02","modified_gmt":"2025-08-27T19:49:02","slug":"seniors-espoirs","status":"publish","type":"page","link":"https:\/\/www.fcgueugnon.fr\/site\/seniors-espoirs","title":{"rendered":"S\u00e9niors Espoirs (R2)"},"content":{"rendered":"\n<div class=\"wp-block-media-text has-media-on-the-right is-stacked-on-mobile\" style=\"grid-template-columns:auto 35%\"><div class=\"wp-block-media-text__content\">\n<p><strong>Groupe S\u00e9niors Espoirs<\/strong><\/p>\n\n\n\n<p>L\u2019ancienne \u00c9quipe B ou \u00c9quipe R\u00e9serve \u00e9volue en R\u00e9gional 2 !<\/p>\n\n\n\n<p>Cet \u00e9cart r\u00e9duit avec la R1 permet de former les jeunes joueurs pour les pr\u00e9parer \u00e0 int\u00e9grer l\u2019\u00e9quipe premi\u00e8re, tout en maintenant une dynamique comp\u00e9titive en R\u00e9gional 2. <\/p>\n\n\n\n<p>Une v\u00e9ritable passerelle entre la formation gueugnonnaise et l\u2019\u00e9quipe premi\u00e8re.<\/p>\n<\/div><figure class=\"wp-block-media-text__media\"><img loading=\"lazy\" decoding=\"async\" width=\"819\" height=\"1024\" src=\"https:\/\/www.fcgueugnon.fr\/site\/wp-content\/uploads\/2025\/08\/REPRISE-R2-5-819x1024.jpg\" alt=\"\" class=\"wp-image-54802 size-full\" srcset=\"https:\/\/www.fcgueugnon.fr\/site\/wp-content\/uploads\/2025\/08\/REPRISE-R2-5-819x1024.jpg 819w, https:\/\/www.fcgueugnon.fr\/site\/wp-content\/uploads\/2025\/08\/REPRISE-R2-5-320x400.jpg 320w, https:\/\/www.fcgueugnon.fr\/site\/wp-content\/uploads\/2025\/08\/REPRISE-R2-5-768x960.jpg 768w, https:\/\/www.fcgueugnon.fr\/site\/wp-content\/uploads\/2025\/08\/REPRISE-R2-5-1229x1536.jpg 1229w, https:\/\/www.fcgueugnon.fr\/site\/wp-content\/uploads\/2025\/08\/REPRISE-R2-5-1638x2048.jpg 1638w, https:\/\/www.fcgueugnon.fr\/site\/wp-content\/uploads\/2025\/08\/REPRISE-R2-5-scaled.jpg 2048w\" sizes=\"auto, (max-width: 819px) 100vw, 819px\" \/><\/figure><\/div>\n\n\n\n<div style=\"height:10px\" aria-hidden=\"true\" class=\"wp-block-spacer\"><\/div>\n\n\n\n<div class=\"wp-block-getwid-icon-box has-icon-left has-text-left\"><div class=\"wp-block-getwid-icon-box__icon-container is-position-top\"><div class=\"wp-block-getwid-icon-box__icon-wrapper\"><i class=\"fas fa-user\"><\/i><\/div><\/div><div class=\"wp-block-getwid-icon-box__content\">\n<h3 class=\"wp-block-heading has-text-align-left\">Responsables<\/h3>\n\n\n\n<ul class=\"wp-block-list\">\n<li><strong><em><strong><em>Entraineur : <strong>Hassan AIT TIGHJDINE<\/strong><\/em><\/strong><\/em><\/strong><\/li>\n<\/ul>\n\n\n\n<p><\/p>\n<\/div><\/div>\n\n\n\n<div style=\"height:100px\" aria-hidden=\"true\" class=\"wp-block-spacer\"><\/div>\n\n\n\n<div class=\"wp-block-columns is-layout-flex wp-container-core-columns-is-layout-9d6595d7 wp-block-columns-is-layout-flex\">\n<div class=\"wp-block-column is-layout-flow wp-block-column-is-layout-flow\">\n<h2 class=\"wp-block-heading\">> <a href=\"https:\/\/lbfc.fff.fr\/recherche-clubs?subtab=calendar&amp;tab=resultats&amp;scl=2968&amp;competition=438244&amp;stage=1&amp;group=1&amp;label=REGIONAL%202%20POULE%20A\" target=\"_blank\" rel=\"noreferrer noopener\">Calendrier<\/a><\/h2>\n\n\n\n<div class=\"wp-block-getwid-banner has-animation-style2 has-foreground-5\"><a href=\"https:\/\/lbfc.fff.fr\/recherche-clubs?subtab=calendar&amp;tab=resultats&amp;scl=2968&amp;competition=438244&amp;stage=1&amp;group=1&amp;label=REGIONAL%202%20POULE%20A\" target=\"_blank\" rel=\"noreferrer noopener\" class=\"wp-block-getwid-banner__link\"><div class=\"wp-block-getwid-banner__wrapper\"><img loading=\"lazy\" decoding=\"async\" width=\"900\" height=\"300\" src=\"https:\/\/www.fcgueugnon.fr\/site\/wp-content\/uploads\/2022\/08\/visuel-ban-generique-300.png\" alt=\"\" class=\"wp-block-getwid-banner__image wp-block-getwid-banner__source wp-image-879\" srcset=\"https:\/\/www.fcgueugnon.fr\/site\/wp-content\/uploads\/2022\/08\/visuel-ban-generique-300.png 900w, https:\/\/www.fcgueugnon.fr\/site\/wp-content\/uploads\/2022\/08\/visuel-ban-generique-300-400x133.png 400w, https:\/\/www.fcgueugnon.fr\/site\/wp-content\/uploads\/2022\/08\/visuel-ban-generique-300-768x256.png 768w\" sizes=\"auto, (max-width: 900px) 100vw, 900px\" \/><div class=\"wp-block-getwid-banner__caption has-text-color has-base-3-color\" style=\"min-height:200px\"><div class=\"wp-block-getwid-banner__caption-wrapper\"><span class=\"wp-block-getwid-banner__title\">CALENDRIER R2<\/span><\/div><\/div><\/div><\/a><\/div>\n<\/div>\n\n\n\n<div class=\"wp-block-column is-layout-flow wp-block-column-is-layout-flow\">\n<h2 class=\"wp-block-heading\">> <a href=\"https:\/\/lbfc.fff.fr\/recherche-clubs?subtab=ranking&amp;tab=resultats&amp;scl=2968&amp;competition=438244&amp;stage=1&amp;group=1&amp;label=REGIONAL%202\" target=\"_blank\" rel=\"noreferrer noopener\">Classement<\/a><\/h2>\n\n\n\n<div class=\"wp-block-getwid-banner has-animation-style2 has-foreground-5\"><a href=\"https:\/\/lbfc.fff.fr\/recherche-clubs?subtab=ranking&amp;tab=resultats&amp;scl=2968&amp;competition=438244&amp;stage=1&amp;group=1&amp;label=REGIONAL%202\" target=\"_blank\" rel=\"noreferrer noopener\" class=\"wp-block-getwid-banner__link\"><div class=\"wp-block-getwid-banner__wrapper\"><img loading=\"lazy\" decoding=\"async\" width=\"900\" height=\"300\" src=\"https:\/\/www.fcgueugnon.fr\/site\/wp-content\/uploads\/2022\/08\/visuel-ban-generique-300.png\" alt=\"\" class=\"wp-block-getwid-banner__image wp-block-getwid-banner__source wp-image-879\" srcset=\"https:\/\/www.fcgueugnon.fr\/site\/wp-content\/uploads\/2022\/08\/visuel-ban-generique-300.png 900w, https:\/\/www.fcgueugnon.fr\/site\/wp-content\/uploads\/2022\/08\/visuel-ban-generique-300-400x133.png 400w, https:\/\/www.fcgueugnon.fr\/site\/wp-content\/uploads\/2022\/08\/visuel-ban-generique-300-768x256.png 768w\" sizes=\"auto, (max-width: 900px) 100vw, 900px\" \/><div class=\"wp-block-getwid-banner__caption has-text-color has-base-3-color\" style=\"min-height:200px\"><div class=\"wp-block-getwid-banner__caption-wrapper\"><span class=\"wp-block-getwid-banner__title\">CLASSEMENT R2<\/span><\/div><\/div><\/div><\/a><\/div>\n<\/div>\n<\/div>\n\n\n\n<div style=\"height:70px\" aria-hidden=\"true\" class=\"wp-block-spacer\"><\/div>\n\n\n\n<div style=\"height:70px\" aria-hidden=\"true\" class=\"wp-block-spacer\"><\/div>\n","protected":false},"excerpt":{"rendered":"<p>Groupe S\u00e9niors Espoirs L\u2019ancienne \u00c9quipe B ou \u00c9quipe R\u00e9serve \u00e9volue en R\u00e9gional 2 ! Cet \u00e9cart r\u00e9duit avec la R1 permet de former les jeunes joueurs pour les pr\u00e9parer \u00e0 int\u00e9grer l\u2019\u00e9quipe premi\u00e8re, tout en maintenant une dynamique comp\u00e9titive en R\u00e9gional 2. Une v\u00e9ritable passerelle entre la formation gueugnonnaise et l\u2019\u00e9quipe premi\u00e8re. > Calendrier > &#8230; <\/p>\n<p class=\"read-more-container\"><a title=\"S\u00e9niors Espoirs (R2)\" class=\"read-more button\" href=\"https:\/\/www.fcgueugnon.fr\/site\/seniors-espoirs#more-152\" aria-label=\"Plus sur S\u00e9niors Espoirs (R2)\">Lire la suite<\/a><\/p>\n","protected":false},"author":1,"featured_media":0,"parent":0,"menu_order":0,"comment_status":"closed","ping_status":"closed","template":"","meta":{"footnotes":""},"class_list":{"0":"post-152","1":"page","2":"type-page","3":"status-publish","5":"infinite-scroll-item"},"yoast_head":"<!-- This site is optimized with the Yoast SEO plugin v26.6 - https:\/\/yoast.com\/wordpress\/plugins\/seo\/ -->\n<title>S\u00e9niors Espoirs (R2) &#8226; FOOTBALL CLUB GUEUGNON<\/title>\n<meta name=\"robots\" content=\"index, follow, max-snippet:-1, max-image-preview:large, max-video-preview:-1\" \/>\n<link rel=\"canonical\" href=\"https:\/\/www.fcgueugnon.fr\/site\/seniors-espoirs\" \/>\n<meta property=\"og:locale\" content=\"fr_FR\" \/>\n<meta property=\"og:type\" content=\"article\" \/>\n<meta property=\"og:title\" content=\"S\u00e9niors Espoirs (R2) &#8226; FOOTBALL CLUB GUEUGNON\" \/>\n<meta property=\"og:description\" content=\"Groupe S\u00e9niors Espoirs L\u2019ancienne \u00c9quipe B ou \u00c9quipe R\u00e9serve \u00e9volue en R\u00e9gional 2 ! Cet \u00e9cart r\u00e9duit avec la R1 permet de former les jeunes joueurs pour les pr\u00e9parer \u00e0 int\u00e9grer l\u2019\u00e9quipe premi\u00e8re, tout en maintenant une dynamique comp\u00e9titive en R\u00e9gional 2. Une v\u00e9ritable passerelle entre la formation gueugnonnaise et l\u2019\u00e9quipe premi\u00e8re. &gt; Calendrier &gt; ... Lire la suite\" \/>\n<meta property=\"og:url\" content=\"https:\/\/www.fcgueugnon.fr\/site\/seniors-espoirs\" \/>\n<meta property=\"og:site_name\" content=\"FOOTBALL CLUB GUEUGNON\" \/>\n<meta property=\"article:publisher\" content=\"http:\/\/facebook.com\/FCGueugnon\" \/>\n<meta property=\"article:modified_time\" content=\"2025-08-27T19:49:02+00:00\" \/>\n<meta property=\"og:image\" content=\"https:\/\/www.fcgueugnon.fr\/site\/wp-content\/uploads\/2025\/08\/REPRISE-R2-5-scaled.jpg\" \/>\n\t<meta property=\"og:image:width\" content=\"2048\" \/>\n\t<meta property=\"og:image:height\" content=\"2560\" \/>\n\t<meta property=\"og:image:type\" content=\"image\/jpeg\" \/>\n<meta name=\"twitter:card\" content=\"summary_large_image\" \/>\n<meta name=\"twitter:site\" content=\"@FCGueugnon_off\" \/>\n<meta name=\"twitter:label1\" content=\"Dur\u00e9e de lecture estim\u00e9e\" \/>\n\t<meta name=\"twitter:data1\" content=\"1 minute\" \/>\n<script type=\"application\/ld+json\" class=\"yoast-schema-graph\">{\"@context\":\"https:\/\/schema.org\",\"@graph\":[{\"@type\":\"WebPage\",\"@id\":\"https:\/\/www.fcgueugnon.fr\/site\/seniors-espoirs\",\"url\":\"https:\/\/www.fcgueugnon.fr\/site\/seniors-espoirs\",\"name\":\"S\u00e9niors Espoirs (R2) &#8226; FOOTBALL CLUB GUEUGNON\",\"isPartOf\":{\"@id\":\"https:\/\/www.fcgueugnon.fr\/site\/#website\"},\"primaryImageOfPage\":{\"@id\":\"https:\/\/www.fcgueugnon.fr\/site\/seniors-espoirs#primaryimage\"},\"image\":{\"@id\":\"https:\/\/www.fcgueugnon.fr\/site\/seniors-espoirs#primaryimage\"},\"thumbnailUrl\":\"https:\/\/www.fcgueugnon.fr\/site\/wp-content\/uploads\/2025\/08\/REPRISE-R2-5-819x1024.jpg\",\"datePublished\":\"2022-07-21T13:10:49+00:00\",\"dateModified\":\"2025-08-27T19:49:02+00:00\",\"breadcrumb\":{\"@id\":\"https:\/\/www.fcgueugnon.fr\/site\/seniors-espoirs#breadcrumb\"},\"inLanguage\":\"fr-FR\",\"potentialAction\":[{\"@type\":\"ReadAction\",\"target\":[\"https:\/\/www.fcgueugnon.fr\/site\/seniors-espoirs\"]}]},{\"@type\":\"ImageObject\",\"inLanguage\":\"fr-FR\",\"@id\":\"https:\/\/www.fcgueugnon.fr\/site\/seniors-espoirs#primaryimage\",\"url\":\"https:\/\/www.fcgueugnon.fr\/site\/wp-content\/uploads\/2025\/08\/REPRISE-R2-5-scaled.jpg\",\"contentUrl\":\"https:\/\/www.fcgueugnon.fr\/site\/wp-content\/uploads\/2025\/08\/REPRISE-R2-5-scaled.jpg\",\"width\":2048,\"height\":2560},{\"@type\":\"BreadcrumbList\",\"@id\":\"https:\/\/www.fcgueugnon.fr\/site\/seniors-espoirs#breadcrumb\",\"itemListElement\":[{\"@type\":\"ListItem\",\"position\":1,\"name\":\"Accueil\",\"item\":\"https:\/\/www.fcgueugnon.fr\/site\/\"},{\"@type\":\"ListItem\",\"position\":2,\"name\":\"S\u00e9niors Espoirs (R2)\"}]},{\"@type\":\"WebSite\",\"@id\":\"https:\/\/www.fcgueugnon.fr\/site\/#website\",\"url\":\"https:\/\/www.fcgueugnon.fr\/site\/\",\"name\":\"FOOTBALL CLUB GUEUGNON\",\"description\":\"Le Site Officiel des Forgerons\",\"publisher\":{\"@id\":\"https:\/\/www.fcgueugnon.fr\/site\/#organization\"},\"potentialAction\":[{\"@type\":\"SearchAction\",\"target\":{\"@type\":\"EntryPoint\",\"urlTemplate\":\"https:\/\/www.fcgueugnon.fr\/site\/?s={search_term_string}\"},\"query-input\":{\"@type\":\"PropertyValueSpecification\",\"valueRequired\":true,\"valueName\":\"search_term_string\"}}],\"inLanguage\":\"fr-FR\"},{\"@type\":\"Organization\",\"@id\":\"https:\/\/www.fcgueugnon.fr\/site\/#organization\",\"name\":\"FC Gueugnon\",\"url\":\"https:\/\/www.fcgueugnon.fr\/site\/\",\"logo\":{\"@type\":\"ImageObject\",\"inLanguage\":\"fr-FR\",\"@id\":\"https:\/\/www.fcgueugnon.fr\/site\/#\/schema\/logo\/image\/\",\"url\":\"https:\/\/www.fcgueugnon.fr\/site\/wp-content\/uploads\/2022\/07\/cropped-Logo-FCGUEUGNON-low-350x350-1.png\",\"contentUrl\":\"https:\/\/www.fcgueugnon.fr\/site\/wp-content\/uploads\/2022\/07\/cropped-Logo-FCGUEUGNON-low-350x350-1.png\",\"width\":350,\"height\":350,\"caption\":\"FC Gueugnon\"},\"image\":{\"@id\":\"https:\/\/www.fcgueugnon.fr\/site\/#\/schema\/logo\/image\/\"},\"sameAs\":[\"http:\/\/facebook.com\/FCGueugnon\",\"https:\/\/x.com\/FCGueugnon_off\",\"https:\/\/www.instagram.com\/fcgueugnon\/\",\"https:\/\/www.linkedin.com\/company\/football-club-de-gueugnon\/\",\"https:\/\/www.youtube.com\/user\/FCGueugnonnais\",\"https:\/\/fr.wikipedia.org\/wiki\/Football_Club_de_Gueugnon\"]}]}<\/script>\n<!-- \/ Yoast SEO plugin. -->","yoast_head_json":{"title":"S\u00e9niors Espoirs (R2) &#8226; FOOTBALL CLUB GUEUGNON","robots":{"index":"index","follow":"follow","max-snippet":"max-snippet:-1","max-image-preview":"max-image-preview:large","max-video-preview":"max-video-preview:-1"},"canonical":"https:\/\/www.fcgueugnon.fr\/site\/seniors-espoirs","og_locale":"fr_FR","og_type":"article","og_title":"S\u00e9niors Espoirs (R2) &#8226; FOOTBALL CLUB GUEUGNON","og_description":"Groupe S\u00e9niors Espoirs L\u2019ancienne \u00c9quipe B ou \u00c9quipe R\u00e9serve \u00e9volue en R\u00e9gional 2 ! Cet \u00e9cart r\u00e9duit avec la R1 permet de former les jeunes joueurs pour les pr\u00e9parer \u00e0 int\u00e9grer l\u2019\u00e9quipe premi\u00e8re, tout en maintenant une dynamique comp\u00e9titive en R\u00e9gional 2. Une v\u00e9ritable passerelle entre la formation gueugnonnaise et l\u2019\u00e9quipe premi\u00e8re. > Calendrier > ... Lire la suite","og_url":"https:\/\/www.fcgueugnon.fr\/site\/seniors-espoirs","og_site_name":"FOOTBALL CLUB GUEUGNON","article_publisher":"http:\/\/facebook.com\/FCGueugnon","article_modified_time":"2025-08-27T19:49:02+00:00","og_image":[{"width":2048,"height":2560,"url":"https:\/\/www.fcgueugnon.fr\/site\/wp-content\/uploads\/2025\/08\/REPRISE-R2-5-scaled.jpg","type":"image\/jpeg"}],"twitter_card":"summary_large_image","twitter_site":"@FCGueugnon_off","twitter_misc":{"Dur\u00e9e de lecture estim\u00e9e":"1 minute"},"schema":{"@context":"https:\/\/schema.org","@graph":[{"@type":"WebPage","@id":"https:\/\/www.fcgueugnon.fr\/site\/seniors-espoirs","url":"https:\/\/www.fcgueugnon.fr\/site\/seniors-espoirs","name":"S\u00e9niors Espoirs (R2) &#8226; FOOTBALL CLUB GUEUGNON","isPartOf":{"@id":"https:\/\/www.fcgueugnon.fr\/site\/#website"},"primaryImageOfPage":{"@id":"https:\/\/www.fcgueugnon.fr\/site\/seniors-espoirs#primaryimage"},"image":{"@id":"https:\/\/www.fcgueugnon.fr\/site\/seniors-espoirs#primaryimage"},"thumbnailUrl":"https:\/\/www.fcgueugnon.fr\/site\/wp-content\/uploads\/2025\/08\/REPRISE-R2-5-819x1024.jpg","datePublished":"2022-07-21T13:10:49+00:00","dateModified":"2025-08-27T19:49:02+00:00","breadcrumb":{"@id":"https:\/\/www.fcgueugnon.fr\/site\/seniors-espoirs#breadcrumb"},"inLanguage":"fr-FR","potentialAction":[{"@type":"ReadAction","target":["https:\/\/www.fcgueugnon.fr\/site\/seniors-espoirs"]}]},{"@type":"ImageObject","inLanguage":"fr-FR","@id":"https:\/\/www.fcgueugnon.fr\/site\/seniors-espoirs#primaryimage","url":"https:\/\/www.fcgueugnon.fr\/site\/wp-content\/uploads\/2025\/08\/REPRISE-R2-5-scaled.jpg","contentUrl":"https:\/\/www.fcgueugnon.fr\/site\/wp-content\/uploads\/2025\/08\/REPRISE-R2-5-scaled.jpg","width":2048,"height":2560},{"@type":"BreadcrumbList","@id":"https:\/\/www.fcgueugnon.fr\/site\/seniors-espoirs#breadcrumb","itemListElement":[{"@type":"ListItem","position":1,"name":"Accueil","item":"https:\/\/www.fcgueugnon.fr\/site\/"},{"@type":"ListItem","position":2,"name":"S\u00e9niors Espoirs (R2)"}]},{"@type":"WebSite","@id":"https:\/\/www.fcgueugnon.fr\/site\/#website","url":"https:\/\/www.fcgueugnon.fr\/site\/","name":"FOOTBALL CLUB GUEUGNON","description":"Le Site Officiel des Forgerons","publisher":{"@id":"https:\/\/www.fcgueugnon.fr\/site\/#organization"},"potentialAction":[{"@type":"SearchAction","target":{"@type":"EntryPoint","urlTemplate":"https:\/\/www.fcgueugnon.fr\/site\/?s={search_term_string}"},"query-input":{"@type":"PropertyValueSpecification","valueRequired":true,"valueName":"search_term_string"}}],"inLanguage":"fr-FR"},{"@type":"Organization","@id":"https:\/\/www.fcgueugnon.fr\/site\/#organization","name":"FC Gueugnon","url":"https:\/\/www.fcgueugnon.fr\/site\/","logo":{"@type":"ImageObject","inLanguage":"fr-FR","@id":"https:\/\/www.fcgueugnon.fr\/site\/#\/schema\/logo\/image\/","url":"https:\/\/www.fcgueugnon.fr\/site\/wp-content\/uploads\/2022\/07\/cropped-Logo-FCGUEUGNON-low-350x350-1.png","contentUrl":"https:\/\/www.fcgueugnon.fr\/site\/wp-content\/uploads\/2022\/07\/cropped-Logo-FCGUEUGNON-low-350x350-1.png","width":350,"height":350,"caption":"FC Gueugnon"},"image":{"@id":"https:\/\/www.fcgueugnon.fr\/site\/#\/schema\/logo\/image\/"},"sameAs":["http:\/\/facebook.com\/FCGueugnon","https:\/\/x.com\/FCGueugnon_off","https:\/\/www.instagram.com\/fcgueugnon\/","https:\/\/www.linkedin.com\/company\/football-club-de-gueugnon\/","https:\/\/www.youtube.com\/user\/FCGueugnonnais","https:\/\/fr.wikipedia.org\/wiki\/Football_Club_de_Gueugnon"]}]}},"rttpg_featured_image_url":null,"rttpg_author":{"display_name":"FC Gueugnon","author_link":"https:\/\/www.fcgueugnon.fr\/site\/author\/admin-antho"},"rttpg_comment":0,"rttpg_category":null,"rttpg_excerpt":"Groupe S\u00e9niors Espoirs L\u2019ancienne \u00c9quipe B ou \u00c9quipe R\u00e9serve \u00e9volue en R\u00e9gional 2 ! Cet \u00e9cart r\u00e9duit avec la R1 permet de former les jeunes joueurs pour les pr\u00e9parer \u00e0 int\u00e9grer l\u2019\u00e9quipe premi\u00e8re, tout en maintenant une dynamique comp\u00e9titive en R\u00e9gional 2. Une v\u00e9ritable passerelle entre la formation gueugnonnaise et l\u2019\u00e9quipe premi\u00e8re. > Calendrier >\u2026","_links":{"self":[{"href":"https:\/\/www.fcgueugnon.fr\/site\/wp-json\/wp\/v2\/pages\/152","targetHints":{"allow":["GET"]}}],"collection":[{"href":"https:\/\/www.fcgueugnon.fr\/site\/wp-json\/wp\/v2\/pages"}],"about":[{"href":"https:\/\/www.fcgueugnon.fr\/site\/wp-json\/wp\/v2\/types\/page"}],"author":[{"embeddable":true,"href":"https:\/\/www.fcgueugnon.fr\/site\/wp-json\/wp\/v2\/users\/1"}],"replies":[{"embeddable":true,"href":"https:\/\/www.fcgueugnon.fr\/site\/wp-json\/wp\/v2\/comments?post=152"}],"version-history":[{"count":16,"href":"https:\/\/www.fcgueugnon.fr\/site\/wp-json\/wp\/v2\/pages\/152\/revisions"}],"predecessor-version":[{"id":54963,"href":"https:\/\/www.fcgueugnon.fr\/site\/wp-json\/wp\/v2\/pages\/152\/revisions\/54963"}],"wp:attachment":[{"href":"https:\/\/www.fcgueugnon.fr\/site\/wp-json\/wp\/v2\/media?parent=152"}],"curies":[{"name":"wp","href":"https:\/\/api.w.org\/{rel}","templated":true}]}}